{"id":61,"date":"2015-04-20T12:25:18","date_gmt":"2015-04-20T12:25:18","guid":{"rendered":"http:\/\/www.novigradsko-proljece.com\/web\/2015\/?page_id=61"},"modified":"2015-04-22T12:51:50","modified_gmt":"2015-04-22T10:51:50","slug":"impressum","status":"publish","type":"page","link":"https:\/\/www.novigradsko-proljece.com\/web\/2015\/impressum\/","title":{"rendered":"Impressum"},"content":{"rendered":"<p>VODITELJICA:<\/p>\n<p>Nora Krstulovi\u0107<\/p>\n<p>IZVR\u0160NA UREDNICA:<\/p>\n<p>Me\u0161tri\u0107 Lana<\/p>\n<p>TEHNI\u010cKI TIM:<\/p>\n<p>Endy Krt, Karlo Vu\u010deti\u0107, Ivan Beletic<\/p>\n<p>HOSPITANTI:<\/p>\n<table>\n<tbody>\n<tr>\n<td>Gregorini\u0107<\/td>\n<td width=\"49\">Sanja<\/td>\n<td width=\"234\">Srednja \u0161kola Mate Bla\u017eine Labin<\/td>\n<td>52220\u00a0 LABIN<\/td>\n<\/tr>\n<tr>\n<td>Lisica<\/td>\n<td width=\"49\">Ana<\/td>\n<td width=\"234\">Osnovna \u0161kola Bartula Ka\u0161i\u0107a<\/td>\n<td>23000\u00a0 ZADAR<\/td>\n<\/tr>\n<tr>\n<td>Radikovi\u0107<\/td>\n<td width=\"49\">Tanja<\/td>\n<td width=\"234\">Osnovna \u0161kola Ivanovec<\/td>\n<td>40000\u00a0\u010cAKOVEC<\/td>\n<\/tr>\n<\/tbody>\n<\/table>\n<p>POLAZNICI RADIONICE:<\/p>\n<table style=\"height: 627px\" width=\"572\">\n<tbody>\n<tr>\n<td>Beletic<\/td>\n<td>Ivan<\/td>\n<td>Gospodarska \u0160kola Buje<\/td>\n<td>Srednja \u0161kola<\/td>\n<td>52460\u00a0 BUJE (BUIE)<\/td>\n<\/tr>\n<tr>\n<td>Dundara<\/td>\n<td>Petar<\/td>\n<td>O\u0160 &#8220;Ivo Lola Ribar&#8221; Labin<\/td>\n<td>Osnovna \u0161kola<\/td>\n<td>52220\u00a0 LABIN<\/td>\n<\/tr>\n<tr>\n<td>JOZI\u0106<\/td>\n<td>PAULA<\/td>\n<td>Osnovna \u0161kola Donja Stubica<\/td>\n<td>Osnovna \u0161kola<\/td>\n<td>49240\u00a0 DONJA STUBICA<\/td>\n<\/tr>\n<tr>\n<td>Klap\u010di\u0107<\/td>\n<td>Marko<\/td>\n<td>O\u0160 &#8220;Ivo Lola Ribar&#8221; Labin<\/td>\n<td>Osnovna \u0161kola<\/td>\n<td>52220\u00a0 LABIN<\/td>\n<\/tr>\n<tr>\n<td>Me\u0161tri\u0107<\/td>\n<td>Lana<\/td>\n<td>DRUGA GIMNAZIJA VARA\u017dDIN<\/td>\n<td>Srednja \u0161kola<\/td>\n<td>42000\u00a0 VARA\u017dDIN<\/td>\n<\/tr>\n<tr>\n<td>Orepi\u0107<\/td>\n<td>Iva<\/td>\n<td>Osnovna \u0161kola Cavtat<\/td>\n<td>Osnovna \u0161kola<\/td>\n<td>20210\u00a0 CAVTAT<\/td>\n<\/tr>\n<tr>\n<td>Smoli\u0107<\/td>\n<td>Pavao<\/td>\n<td>O\u0160 Ksavera \u0160andora Gjalskog Zabok<\/td>\n<td>Osnovna \u0161kola<\/td>\n<td>49210\u00a0 ZABOK<\/td>\n<\/tr>\n<tr>\n<td>Toljan<\/td>\n<td>Katarina<\/td>\n<td>O\u0160 &#8220;Stjepan Radi\u0107&#8221;<\/td>\n<td>Osnovna \u0161kola<\/td>\n<td>10370\u00a0 DUGO SELO<\/td>\n<\/tr>\n<tr>\n<td>U\u0161ljebrka<\/td>\n<td>Karla<\/td>\n<td>Osnovna \u0161kola \u010cavle<\/td>\n<td>Osnovna \u0161kola<\/td>\n<td>51219\u00a0 \u010cAVLE<\/td>\n<\/tr>\n<tr>\n<td>Vu\u010deti\u0107<\/td>\n<td>Karlo<\/td>\n<td>Prva hrvatska rije\u010dka gimnazija<\/td>\n<td>Srednja \u0161kola<\/td>\n<td>51000\u00a0 RIJEKA<\/td>\n<\/tr>\n<tr>\n<td>\u010ceh<\/td>\n<td>Loris<\/td>\n<td>Osnovna \u0161kola Kostrena<\/td>\n<td>Osnovna \u0161kola<\/td>\n<td>51221\u00a0 KOSTRENA<\/td>\n<\/tr>\n<\/tbody>\n<\/table>\n","protected":false},"excerpt":{"rendered":"<p>VODITELJICA: Nora Krstulovi\u0107 IZVR\u0160NA UREDNICA: Me\u0161tri\u0107 Lana TEHNI\u010cKI TIM: Endy Krt, Karlo Vu\u010deti\u0107, Ivan Beletic HOSPITANTI: Gregorini\u0107 Sanja Srednja \u0161kola Mate Bla\u017eine Labin 52220\u00a0 LABIN Lisica Ana Osnovna \u0161kola Bartula Ka\u0161i\u0107a 23000\u00a0 ZADAR Radikovi\u0107 Tanja Osnovna \u0161kola Ivanovec 40000\u00a0\u010cAKOVEC POLAZNICI RADIONICE: Beletic Ivan Gospodarska \u0160kola Buje Srednja \u0161kola 52460\u00a0 BUJE (BUIE) Dundara Petar O\u0160 &#8220;Ivo [&hellip;]<\/p>\n","protected":false},"author":20,"featured_media":0,"parent":0,"menu_order":0,"comment_status":"open","ping_status":"open","template":"","meta":{"footnotes":""},"class_list":["post-61","page","type-page","status-publish","hentry"],"_links":{"self":[{"href":"https:\/\/www.novigradsko-proljece.com\/web\/2015\/wp-json\/wp\/v2\/pages\/61","targetHints":{"allow":["GET"]}}],"collection":[{"href":"https:\/\/www.novigradsko-proljece.com\/web\/2015\/wp-json\/wp\/v2\/pages"}],"about":[{"href":"https:\/\/www.novigradsko-proljece.com\/web\/2015\/wp-json\/wp\/v2\/types\/page"}],"author":[{"embeddable":true,"href":"https:\/\/www.novigradsko-proljece.com\/web\/2015\/wp-json\/wp\/v2\/users\/20"}],"replies":[{"embeddable":true,"href":"https:\/\/www.novigradsko-proljece.com\/web\/2015\/wp-json\/wp\/v2\/comments?post=61"}],"version-history":[{"count":6,"href":"https:\/\/www.novigradsko-proljece.com\/web\/2015\/wp-json\/wp\/v2\/pages\/61\/revisions"}],"predecessor-version":[{"id":979,"href":"https:\/\/www.novigradsko-proljece.com\/web\/2015\/wp-json\/wp\/v2\/pages\/61\/revisions\/979"}],"wp:attachment":[{"href":"https:\/\/www.novigradsko-proljece.com\/web\/2015\/wp-json\/wp\/v2\/media?parent=61"}],"curies":[{"name":"wp","href":"https:\/\/api.w.org\/{rel}","templated":true}]}}