{"id":353,"date":"2015-04-20T10:08:50","date_gmt":"2015-04-20T10:08:50","guid":{"rendered":"http:\/\/www.novigradsko-proljece.com\/web\/2015\/?page_id=353"},"modified":"2015-04-20T10:08:50","modified_gmt":"2015-04-20T10:08:50","slug":"polaznici-keramicke-radionice","status":"publish","type":"page","link":"https:\/\/www.novigradsko-proljece.com\/web\/2015\/slika\/polaznici-keramicke-radionice\/","title":{"rendered":"Polaznici kerami\u010dke radionice"},"content":{"rendered":"<table width=\"837\">\n<tbody>\n<tr>\n<td>Badovinac<\/td>\n<td>Marta<\/td>\n<td>O\u0160 &#8220;TRSAT&#8221;<\/td>\n<td>Osnovna \u0161kola<\/td>\n<td>51000\u00a0 RIJEKA<\/td>\n<td>KERAMI\u010cARSKA RADIONICA<\/td>\n<\/tr>\n<tr>\n<td>Crni\u0107<\/td>\n<td>Olja<\/td>\n<td>O\u0160 Gornja Ve\u017eica<\/td>\n<td>Osnovna \u0161kola<\/td>\n<td>51000 RIJEKA<\/td>\n<td>KERAMI\u010cARSKA RADIONICA<\/td>\n<\/tr>\n<tr>\n<td>Cunjak<\/td>\n<td>Nathalie<\/td>\n<td>O\u0160 &#8221; Dr. Andrija Mohorovi\u010di\u0107&#8221; Matulji<\/td>\n<td>Osnovna \u0161kola<\/td>\n<td>51211\u00a0 MATULJI<\/td>\n<td>KERAMI\u010cARSKA RADIONICA<\/td>\n<\/tr>\n<tr>\n<td>Dostal<\/td>\n<td>Majda<\/td>\n<td>O\u0160 SAMOBOR<\/td>\n<td>Osnovna \u0161kola<\/td>\n<td>10430\u00a0 SAMOBOR<\/td>\n<td>KERAMI\u010cARSKA RADIONICA<\/td>\n<\/tr>\n<tr>\n<td>Dra\u0161kovi\u0107<\/td>\n<td>Lorna<\/td>\n<td>O\u0160 Pla\u0161ki<\/td>\n<td>Osnovna \u0161kola<\/td>\n<td>47304\u00a0 PLA\u0160KI<\/td>\n<td>KERAMI\u010cARSKA RADIONICA<\/td>\n<\/tr>\n<tr>\n<td>Hopek<\/td>\n<td>Marin<\/td>\n<td>Osnovna \u0161kola Belec<\/td>\n<td>Osnovna \u0161kola<\/td>\n<td>49254\u00a0 BELEC<\/td>\n<td>KERAMI\u010cARSKA RADIONICA<\/td>\n<\/tr>\n<tr>\n<td>Jovanovi\u0107<\/td>\n<td>Jana<\/td>\n<td>O\u0160 Turni\u0107-Rileka<\/td>\n<td>Osnovna \u0161kola<\/td>\n<td>51000\u00a0 RIJEKA<\/td>\n<td>KERAMI\u010cARSKA RADIONICA<\/td>\n<\/tr>\n<tr>\n<td>Juran<\/td>\n<td>Gala<\/td>\n<td>OS Jurja Dobrile<\/td>\n<td>Osnovna \u0161kola<\/td>\n<td>52210\u00a0 ROVINJ (ROVIGNO)<\/td>\n<td>KERAMI\u010cARSKA RADIONICA<\/td>\n<\/tr>\n<tr>\n<td>Kurtovi\u0107<\/td>\n<td>An\u0111ela<\/td>\n<td>\u0160kola primijenjenih umjetnosti i dizajna &#8211; Pula<\/td>\n<td>Srednja \u0161kola<\/td>\n<td>52100\u00a0 PULA (POLA)<\/td>\n<td>KERAMI\u010cARSKA RADIONICA<\/td>\n<\/tr>\n<tr>\n<td>Manojlovi\u0107<\/td>\n<td>Anja<\/td>\n<td>Osnovna \u0160kola Pre\u010dko<\/td>\n<td>Osnovna \u0161kola<\/td>\n<td>10000\u00a0 ZAGREB<\/td>\n<td>KERAMI\u010cARSKA RADIONICA<\/td>\n<\/tr>\n<tr>\n<td>Pastorkovi\u0107<\/td>\n<td>Marija<\/td>\n<td>O\u0160 &#8220;Kardinal Alojzije Stepinac&#8221;Kra\u0161i\u0107<\/td>\n<td>Osnovna \u0161kola<\/td>\n<td>10454\u00a0 KRA\u0160I\u0106<\/td>\n<td>KERAMI\u010cARSKA RADIONICA<\/td>\n<\/tr>\n<tr>\n<td>ROGI\u0106<\/td>\n<td>MIA<\/td>\n<td>O\u0160 RUDE\u0160<\/td>\n<td>Osnovna \u0161kola<\/td>\n<td>10000\u00a0 ZAGREB<\/td>\n<td>KERAMI\u010cARSKA RADIONICA<\/td>\n<\/tr>\n<tr>\n<td>Ru\u017ei\u0107<\/td>\n<td>Lana<\/td>\n<td>O\u0160 Marije i Line Umag<\/td>\n<td>Osnovna \u0161kola<\/td>\n<td>52470\u00a0 UMAG (UMAGO)<\/td>\n<td>KERAMI\u010cARSKA RADIONICA<\/td>\n<\/tr>\n<tr>\n<td>Stepinac<\/td>\n<td>Ana Perpetua<\/td>\n<td>O\u0160 &#8220;Kardinal Alojzije Stepinac&#8221;Kra\u0161i\u0107<\/td>\n<td>Osnovna \u0161kola<\/td>\n<td>10454\u00a0 KRA\u0160I\u0106<\/td>\n<td>KERAMI\u010cARSKA RADIONICA<\/td>\n<\/tr>\n<tr>\n<td>STOJ\u010cEVI\u0106<\/td>\n<td>LARA ODRA<\/td>\n<td>O\u0160 Pu\u0161\u010da<\/td>\n<td>Osnovna \u0161kola<\/td>\n<td>10294\u00a0 DONJA PU\u0160\u0106A<\/td>\n<td>KERAMI\u010cARSKA RADIONICA<\/td>\n<\/tr>\n<tr>\n<td>Turkovi\u0107<\/td>\n<td>Paola<\/td>\n<td>O\u0160 &#8220;Kardinal Alojzije Stepinac&#8221;Kra\u0161i\u0107<\/td>\n<td>Osnovna \u0161kola<\/td>\n<td>10454\u00a0 KRA\u0160I\u0106<\/td>\n<td>KERAMI\u010cARSKA RADIONICA<\/td>\n<\/tr>\n<tr>\n<td>ZEC<\/td>\n<td>IVAN<\/td>\n<td>Osnovna \u0161kola &#8220;Brajda&#8221;<\/td>\n<td>Osnovna \u0161kola<\/td>\n<td>51000\u00a0 RIJEKA<\/td>\n<td>KERAMI\u010cARSKA RADIONICA<\/td>\n<\/tr>\n<\/tbody>\n<\/table>\n<p>&nbsp;<\/p>\n<p>Hospitanti:<\/p>\n<table>\n<tbody>\n<tr>\n<td>Brekalo<\/td>\n<td>Zinka<\/td>\n<td><\/td>\n<td>Osnovna \u0160kola Pre\u010dko<\/td>\n<td>10000\u00a0 ZAGREB<\/td>\n<td>KERAMI\u010cARSKA RADIONICA<\/td>\n<td><\/td>\n<\/tr>\n<tr>\n<td>Vu\u010dkovi\u0107<\/td>\n<td>Tamara<\/td>\n<td><\/td>\n<td>O\u0160 &#8220;Kardinal Alojzije Stepinac&#8221; Kra\u0161i\u0107<\/td>\n<td>10454\u00a0 KRA\u0160I\u0106<\/td>\n<td>KERAMI\u010cARSKA RADIONICA<\/td>\n<td><\/td>\n<\/tr>\n<\/tbody>\n<\/table>\n","protected":false},"excerpt":{"rendered":"<p>Badovinac Marta O\u0160 &#8220;TRSAT&#8221; Osnovna \u0161kola 51000\u00a0 RIJEKA KERAMI\u010cARSKA RADIONICA Crni\u0107 Olja O\u0160 Gornja Ve\u017eica Osnovna \u0161kola 51000 RIJEKA KERAMI\u010cARSKA RADIONICA Cunjak Nathalie O\u0160 &#8221; Dr. Andrija Mohorovi\u010di\u0107&#8221; Matulji Osnovna \u0161kola 51211\u00a0 MATULJI KERAMI\u010cARSKA RADIONICA Dostal Majda O\u0160 SAMOBOR Osnovna \u0161kola 10430\u00a0 SAMOBOR KERAMI\u010cARSKA RADIONICA Dra\u0161kovi\u0107 Lorna O\u0160 Pla\u0161ki Osnovna \u0161kola 47304\u00a0 PLA\u0160KI KERAMI\u010cARSKA RADIONICA [&hellip;]<\/p>\n","protected":false},"author":20,"featured_media":0,"parent":369,"menu_order":0,"comment_status":"open","ping_status":"open","template":"","meta":{"footnotes":""},"class_list":["post-353","page","type-page","status-publish","hentry"],"_links":{"self":[{"href":"https:\/\/www.novigradsko-proljece.com\/web\/2015\/wp-json\/wp\/v2\/pages\/353","targetHints":{"allow":["GET"]}}],"collection":[{"href":"https:\/\/www.novigradsko-proljece.com\/web\/2015\/wp-json\/wp\/v2\/pages"}],"about":[{"href":"https:\/\/www.novigradsko-proljece.com\/web\/2015\/wp-json\/wp\/v2\/types\/page"}],"author":[{"embeddable":true,"href":"https:\/\/www.novigradsko-proljece.com\/web\/2015\/wp-json\/wp\/v2\/users\/20"}],"replies":[{"embeddable":true,"href":"https:\/\/www.novigradsko-proljece.com\/web\/2015\/wp-json\/wp\/v2\/comments?post=353"}],"version-history":[{"count":1,"href":"https:\/\/www.novigradsko-proljece.com\/web\/2015\/wp-json\/wp\/v2\/pages\/353\/revisions"}],"predecessor-version":[{"id":354,"href":"https:\/\/www.novigradsko-proljece.com\/web\/2015\/wp-json\/wp\/v2\/pages\/353\/revisions\/354"}],"up":[{"embeddable":true,"href":"https:\/\/www.novigradsko-proljece.com\/web\/2015\/wp-json\/wp\/v2\/pages\/369"}],"wp:attachment":[{"href":"https:\/\/www.novigradsko-proljece.com\/web\/2015\/wp-json\/wp\/v2\/media?parent=353"}],"curies":[{"name":"wp","href":"https:\/\/api.w.org\/{rel}","templated":true}]}}