{"id":345,"date":"2015-04-20T10:02:48","date_gmt":"2015-04-20T08:02:48","guid":{"rendered":"http:\/\/www.novigradsko-proljece.com\/web\/2015\/?page_id=345"},"modified":"2015-04-22T17:05:03","modified_gmt":"2015-04-22T15:05:03","slug":"polaznici-radionice-scenska-glazba","status":"publish","type":"page","link":"https:\/\/www.novigradsko-proljece.com\/web\/2015\/zvuk\/polaznici-radionice-scenska-glazba\/","title":{"rendered":"Polaznici radionice scenska glazba"},"content":{"rendered":"<table width=\"935\">\n<tbody>\n<tr>\n<td>Ani\u0107<\/td>\n<td>Gea<\/td>\n<td colspan=\"2\">Prve rije\u010dka hrvatska gimnazija<\/td>\n<td>Srednja \u0161kola<\/td>\n<td colspan=\"2\">51000\u00a0 RIJEKA<\/td>\n<td colspan=\"2\">RADIONICA SCENSKE GLAZBE<\/td>\n<\/tr>\n<tr>\n<td>Bla\u017eevi\u0107<\/td>\n<td>Dora<\/td>\n<td colspan=\"2\">O\u0160 Fran Krsto Frankopan<\/td>\n<td>Osnovna \u0161kola<\/td>\n<td colspan=\"2\">51521\u00a0 PUNAT<\/td>\n<td colspan=\"2\">RADIONICA SCENSKE GLAZBE<\/td>\n<\/tr>\n<tr>\n<td>Budiseli\u0107<\/td>\n<td>Marta<\/td>\n<td colspan=\"2\">O\u0160 Ivanke Trohar<\/td>\n<td>Osnovna \u0161kola<\/td>\n<td colspan=\"2\">51322\u00a0 FU\u017dINE<\/td>\n<td colspan=\"2\">RADIONICA SCENSKE GLAZBE<\/td>\n<\/tr>\n<tr>\n<td>Funcich<\/td>\n<td>Andrea<\/td>\n<td colspan=\"2\">TO\u0160 &#8220;Bernardo Benussi&#8221; Rovinj &#8211; Rovigno<\/td>\n<td>Osnovna \u0161kola<\/td>\n<td colspan=\"2\">52210\u00a0 ROVINJ (ROVIGNO)<\/td>\n<td colspan=\"2\">RADIONICA SCENSKE GLAZBE<\/td>\n<\/tr>\n<tr>\n<td>Gospodari\u0107<\/td>\n<td>Leon<\/td>\n<td colspan=\"2\">Osnovna \u0161kola \u0160estine<\/td>\n<td>Osnovna \u0161kola<\/td>\n<td colspan=\"2\">10000\u00a0 ZAGREB<\/td>\n<td colspan=\"2\">RADIONICA SCENSKE GLAZBE<\/td>\n<\/tr>\n<tr>\n<td>Hrani\u0107<\/td>\n<td>Antonio<\/td>\n<td colspan=\"2\">Srednja \u0161kola Zlatar<\/td>\n<td>Srednja \u0161kola<\/td>\n<td colspan=\"2\">49250\u00a0 ZLATAR<\/td>\n<td colspan=\"2\">RADIONICA SCENSKE GLAZBE<\/td>\n<\/tr>\n<tr>\n<td>Klan\u010dnik<\/td>\n<td>Hana<\/td>\n<td colspan=\"2\">Osnovna \u0161kola Ivana Rabljanina Rab<\/td>\n<td>Osnovna \u0161kola<\/td>\n<td colspan=\"2\">51280\u00a0 RAB<\/td>\n<td colspan=\"2\">RADIONICA SCENSKE GLAZBE<\/td>\n<\/tr>\n<tr>\n<td>Majta<\/td>\n<td>Noemi<\/td>\n<td colspan=\"2\">O\u0160 DRAGUTINA DOMJANI\u0106A, SVETI IVAN ZELINA<\/td>\n<td>Osnovna \u0161kola<\/td>\n<td colspan=\"2\">10380\u00a0 SVETI IVAN ZELINA<\/td>\n<td colspan=\"2\">\u00a0\u00a0\u00a0\u00a0\u00a0\u00a0\u00a0\u00a0\u00a0\u00a0\u00a0\u00a0\u00a0\u00a0\u00a0\u00a0\u00a0\u00a0\u00a0\u00a0\u00a0\u00a0\u00a0\u00a0\u00a0\u00a0\u00a0\u00a0\u00a0\u00a0\u00a0\u00a0\u00a0\u00a0\u00a0\u00a0 RADIONICA \u00a0\u00a0\u00a0\u00a0SCENSKE GLAZBE<\/td>\n<\/tr>\n<tr>\n<td>Mili\u010dki<\/td>\n<td>Dora<\/td>\n<td>O\u0160 Marija Bistrica<\/td>\n<td colspan=\"3\">Osnovna \u0161kola<\/td>\n<td colspan=\"2\">49246\u00a0 MARIJA BISTRICA<\/td>\n<td colspan=\"2\">RADIONICA SCENSKE GLAZBE<\/td>\n<td><\/td>\n<\/tr>\n<tr>\n<td>Pavlak<\/td>\n<td>Karlo<\/td>\n<td>Osnovna \u0161kola Kostrena<\/td>\n<td colspan=\"3\">Osnovna \u0161kola<\/td>\n<td colspan=\"2\">51221\u00a0 KOSTRENA<\/td>\n<td colspan=\"2\">RADIONICA SCENSKE GLAZBE<\/td>\n<\/tr>\n<tr>\n<td>Pu\u0161ka\u0161<\/td>\n<td>Sarah<\/td>\n<td>Gimnazija Antuna Gustava Mato\u0161a Samobor<\/td>\n<td colspan=\"3\">Srednja \u0161kola<\/td>\n<td colspan=\"2\">10430\u00a0 SAMOBOR<\/td>\n<td colspan=\"2\">RADIONICA SCENSKE GLAZBE<\/td>\n<\/tr>\n<tr>\n<td>RO\u017dA<\/td>\n<td>MARIN<\/td>\n<td>O\u0160 Jurja Dobrile<\/td>\n<td colspan=\"3\">Osnovna \u0161kola<\/td>\n<td colspan=\"2\">52210\u00a0 ROVINJ (ROVIGNO)<\/td>\n<td colspan=\"2\">RADIONICA SCENSKE GLAZBE<\/td>\n<\/tr>\n<tr>\n<td>Solomun<\/td>\n<td>Lucija<\/td>\n<td>Gimnazija Sesvete<\/td>\n<td colspan=\"3\">Srednja \u0161kola<\/td>\n<td colspan=\"2\">10360\u00a0 SESVETE<\/td>\n<td colspan=\"2\">RADIONICA SCENSKE GLAZBE<\/td>\n<\/tr>\n<tr>\n<td>\u0160pehar<\/td>\n<td>Tomislav<\/td>\n<td>Gimnazija Karlovac<\/td>\n<td colspan=\"3\">Srednja \u0161kola<\/td>\n<td colspan=\"2\">47000\u00a0 KARLOVAC<\/td>\n<td colspan=\"2\">RADIONICA SCENSKE GLAZBE<\/td>\n<\/tr>\n<tr>\n<td>\u0160uran<\/td>\n<td>Federico<\/td>\n<td>TO\u0160-SEI &#8220;Bernardo Benussi&#8221; Rovinj-Rovigno<\/td>\n<td colspan=\"3\">Osnovna \u0161kola<\/td>\n<td colspan=\"2\">52210\u00a0 ROVINJ (ROVIGNO)<\/td>\n<td colspan=\"2\">RADIONICA SCENSKE GLAZBE<\/td>\n<\/tr>\n<\/tbody>\n<\/table>\n","protected":false},"excerpt":{"rendered":"<p>Ani\u0107 Gea Prve rije\u010dka hrvatska gimnazija Srednja \u0161kola 51000\u00a0 RIJEKA RADIONICA SCENSKE GLAZBE Bla\u017eevi\u0107 Dora O\u0160 Fran Krsto Frankopan Osnovna \u0161kola 51521\u00a0 PUNAT RADIONICA SCENSKE GLAZBE Budiseli\u0107 Marta O\u0160 Ivanke Trohar Osnovna \u0161kola 51322\u00a0 FU\u017dINE RADIONICA SCENSKE GLAZBE Funcich Andrea TO\u0160 &#8220;Bernardo Benussi&#8221; Rovinj &#8211; Rovigno Osnovna \u0161kola 52210\u00a0 ROVINJ (ROVIGNO) RADIONICA SCENSKE GLAZBE Gospodari\u0107 [&hellip;]<\/p>\n","protected":false},"author":20,"featured_media":0,"parent":371,"menu_order":0,"comment_status":"open","ping_status":"closed","template":"","meta":{"footnotes":""},"class_list":["post-345","page","type-page","status-publish","hentry"],"_links":{"self":[{"href":"https:\/\/www.novigradsko-proljece.com\/web\/2015\/wp-json\/wp\/v2\/pages\/345","targetHints":{"allow":["GET"]}}],"collection":[{"href":"https:\/\/www.novigradsko-proljece.com\/web\/2015\/wp-json\/wp\/v2\/pages"}],"about":[{"href":"https:\/\/www.novigradsko-proljece.com\/web\/2015\/wp-json\/wp\/v2\/types\/page"}],"author":[{"embeddable":true,"href":"https:\/\/www.novigradsko-proljece.com\/web\/2015\/wp-json\/wp\/v2\/users\/20"}],"replies":[{"embeddable":true,"href":"https:\/\/www.novigradsko-proljece.com\/web\/2015\/wp-json\/wp\/v2\/comments?post=345"}],"version-history":[{"count":2,"href":"https:\/\/www.novigradsko-proljece.com\/web\/2015\/wp-json\/wp\/v2\/pages\/345\/revisions"}],"predecessor-version":[{"id":1035,"href":"https:\/\/www.novigradsko-proljece.com\/web\/2015\/wp-json\/wp\/v2\/pages\/345\/revisions\/1035"}],"up":[{"embeddable":true,"href":"https:\/\/www.novigradsko-proljece.com\/web\/2015\/wp-json\/wp\/v2\/pages\/371"}],"wp:attachment":[{"href":"https:\/\/www.novigradsko-proljece.com\/web\/2015\/wp-json\/wp\/v2\/media?parent=345"}],"curies":[{"name":"wp","href":"https:\/\/api.w.org\/{rel}","templated":true}]}}