{"id":107,"date":"2019-04-08T10:17:23","date_gmt":"2019-04-08T08:17:23","guid":{"rendered":"http:\/\/www.novigradsko-proljece.com\/web\/2019\/?page_id=107"},"modified":"2019-04-12T16:04:59","modified_gmt":"2019-04-12T14:04:59","slug":"slikovnice","status":"publish","type":"page","link":"http:\/\/www.novigradsko-proljece.com\/web\/2019\/slikovnice\/","title":{"rendered":"Slikovnice"},"content":{"rendered":"<div style=\"float:left;margin-right:10px;\"><iframe loading=\"lazy\" height=\"69\" width=\"53\" src=\"http:\/\/widgets.fbshare.me\/files\/fbshare.php?url=http:\/\/www.novigradsko-proljece.com\/web\/2019\/slikovnice\/&title=Slikovnice&size=large\" frameborder=\"0\" scrolling=\"no\" allowtransparency=\"true\"><\/iframe><\/div><div>Stefani Crn\u010dec: BILO JE TO DAVNO<\/div>\n<div><a href=\"https:\/\/joom.ag\/P8fa\" target=\"_blank\" rel=\"noopener noreferrer\" data-auth=\"NotApplicable\">https:\/\/joom.ag\/P8fa<\/a><\/div>\n<div><img loading=\"lazy\" decoding=\"async\" class=\"alignnone size-medium wp-image-1213\" src=\"http:\/\/www.novigradsko-proljece.com\/web\/2019\/wp-content\/uploads\/sites\/11\/2019\/04\/Stefani-Crn\u010dec-Bilo-je-to-davno-213x300.png\" alt=\"\" width=\"213\" height=\"300\" srcset=\"http:\/\/www.novigradsko-proljece.com\/web\/2019\/wp-content\/uploads\/sites\/11\/2019\/04\/Stefani-Crn\u010dec-Bilo-je-to-davno-213x300.png 213w, http:\/\/www.novigradsko-proljece.com\/web\/2019\/wp-content\/uploads\/sites\/11\/2019\/04\/Stefani-Crn\u010dec-Bilo-je-to-davno.png 640w\" sizes=\"auto, (max-width: 213px) 100vw, 213px\" \/><\/div>\n<div><\/div>\n<div><\/div>\n<div>Larisa Dill: BUCKO<\/div>\n<div><a href=\"https:\/\/joom.ag\/5Pfa\" target=\"_blank\" rel=\"noopener noreferrer\" data-auth=\"NotApplicable\">https:\/\/joom.ag\/5Pfa<\/a><\/div>\n<div><img loading=\"lazy\" decoding=\"async\" class=\"alignnone size-medium wp-image-1206\" src=\"http:\/\/www.novigradsko-proljece.com\/web\/2019\/wp-content\/uploads\/sites\/11\/2019\/04\/Larisa-Dill-Bucko-213x300.jpg\" alt=\"\" width=\"213\" height=\"300\" srcset=\"http:\/\/www.novigradsko-proljece.com\/web\/2019\/wp-content\/uploads\/sites\/11\/2019\/04\/Larisa-Dill-Bucko-213x300.jpg 213w, http:\/\/www.novigradsko-proljece.com\/web\/2019\/wp-content\/uploads\/sites\/11\/2019\/04\/Larisa-Dill-Bucko.jpg 638w\" sizes=\"auto, (max-width: 213px) 100vw, 213px\" \/><\/div>\n<div><\/div>\n<div>Elena Er\u0161ek: \u0160UMA RADIONICE<\/div>\n<div><a href=\"https:\/\/joom.ag\/TRfa\" target=\"_blank\" rel=\"noopener noreferrer\" data-auth=\"NotApplicable\">https:\/\/joom.ag\/TRfa<\/a><\/div>\n<div><img loading=\"lazy\" decoding=\"async\" class=\"alignnone size-medium wp-image-1205\" src=\"http:\/\/www.novigradsko-proljece.com\/web\/2019\/wp-content\/uploads\/sites\/11\/2019\/04\/Elena-Er\u0161ek-\u0160uma-radionice-213x300.png\" alt=\"\" width=\"213\" height=\"300\" srcset=\"http:\/\/www.novigradsko-proljece.com\/web\/2019\/wp-content\/uploads\/sites\/11\/2019\/04\/Elena-Er\u0161ek-\u0160uma-radionice-213x300.png 213w, http:\/\/www.novigradsko-proljece.com\/web\/2019\/wp-content\/uploads\/sites\/11\/2019\/04\/Elena-Er\u0161ek-\u0160uma-radionice.png 640w\" sizes=\"auto, (max-width: 213px) 100vw, 213px\" \/><\/div>\n<div><\/div>\n<div>Lorena Prugove\u010dki:\u00a0POSEBNOST RAZLI\u010cITOSTI<\/div>\n<div><a href=\"https:\/\/joom.ag\/ZRfa\" target=\"_blank\" rel=\"noopener noreferrer\" data-auth=\"NotApplicable\">https:\/\/joom.ag\/ZRfa<\/a><\/div>\n<div><img loading=\"lazy\" decoding=\"async\" class=\"alignnone size-medium wp-image-1208\" src=\"http:\/\/www.novigradsko-proljece.com\/web\/2019\/wp-content\/uploads\/sites\/11\/2019\/04\/Lorena-Prugove\u010dki-Posebnost-razli\u010ditosti-300x277.png\" alt=\"\" width=\"300\" height=\"277\" srcset=\"http:\/\/www.novigradsko-proljece.com\/web\/2019\/wp-content\/uploads\/sites\/11\/2019\/04\/Lorena-Prugove\u010dki-Posebnost-razli\u010ditosti-300x277.png 300w, http:\/\/www.novigradsko-proljece.com\/web\/2019\/wp-content\/uploads\/sites\/11\/2019\/04\/Lorena-Prugove\u010dki-Posebnost-razli\u010ditosti-768x710.png 768w, http:\/\/www.novigradsko-proljece.com\/web\/2019\/wp-content\/uploads\/sites\/11\/2019\/04\/Lorena-Prugove\u010dki-Posebnost-razli\u010ditosti.png 795w\" sizes=\"auto, (max-width: 300px) 100vw, 300px\" \/><\/div>\n<div><\/div>\n<div>Laura Vuka\u0161in: BRI\u017dNA MAJKA<\/div>\n<div><a href=\"https:\/\/joom.ag\/uNfa\" target=\"_blank\" rel=\"noopener noreferrer\" data-auth=\"NotApplicable\">https:\/\/joom.ag\/uNfa<\/a><\/div>\n<div><img loading=\"lazy\" decoding=\"async\" class=\"alignnone size-medium wp-image-1207\" src=\"http:\/\/www.novigradsko-proljece.com\/web\/2019\/wp-content\/uploads\/sites\/11\/2019\/04\/Laura-Vuku\u0161kin-Bri\u017ena-majka-300x214.png\" alt=\"\" width=\"300\" height=\"214\" srcset=\"http:\/\/www.novigradsko-proljece.com\/web\/2019\/wp-content\/uploads\/sites\/11\/2019\/04\/Laura-Vuku\u0161kin-Bri\u017ena-majka-300x214.png 300w, http:\/\/www.novigradsko-proljece.com\/web\/2019\/wp-content\/uploads\/sites\/11\/2019\/04\/Laura-Vuku\u0161kin-Bri\u017ena-majka-768x548.png 768w, http:\/\/www.novigradsko-proljece.com\/web\/2019\/wp-content\/uploads\/sites\/11\/2019\/04\/Laura-Vuku\u0161kin-Bri\u017ena-majka.png 789w\" sizes=\"auto, (max-width: 300px) 100vw, 300px\" \/><\/div>\n<div><\/div>\n<div>Ana Bu\u0161nja: TO\u010cKE MOJE SRE\u0106E<\/div>\n<div><a href=\"https:\/\/joom.ag\/CTfa\" target=\"_blank\" rel=\"noopener noreferrer\" data-auth=\"NotApplicable\">https:\/\/joom.ag\/CTfa<\/a><\/div>\n<div><img loading=\"lazy\" decoding=\"async\" class=\"alignnone size-medium wp-image-1202\" src=\"http:\/\/www.novigradsko-proljece.com\/web\/2019\/wp-content\/uploads\/sites\/11\/2019\/04\/Ana-Bu\u0161nja.-To\u010dke-moje-sre\u0107e-300x300.png\" alt=\"\" width=\"300\" height=\"300\" srcset=\"http:\/\/www.novigradsko-proljece.com\/web\/2019\/wp-content\/uploads\/sites\/11\/2019\/04\/Ana-Bu\u0161nja.-To\u010dke-moje-sre\u0107e-300x300.png 300w, http:\/\/www.novigradsko-proljece.com\/web\/2019\/wp-content\/uploads\/sites\/11\/2019\/04\/Ana-Bu\u0161nja.-To\u010dke-moje-sre\u0107e-150x150.png 150w, http:\/\/www.novigradsko-proljece.com\/web\/2019\/wp-content\/uploads\/sites\/11\/2019\/04\/Ana-Bu\u0161nja.-To\u010dke-moje-sre\u0107e-768x769.png 768w, http:\/\/www.novigradsko-proljece.com\/web\/2019\/wp-content\/uploads\/sites\/11\/2019\/04\/Ana-Bu\u0161nja.-To\u010dke-moje-sre\u0107e-160x160.png 160w, http:\/\/www.novigradsko-proljece.com\/web\/2019\/wp-content\/uploads\/sites\/11\/2019\/04\/Ana-Bu\u0161nja.-To\u010dke-moje-sre\u0107e-320x320.png 320w, http:\/\/www.novigradsko-proljece.com\/web\/2019\/wp-content\/uploads\/sites\/11\/2019\/04\/Ana-Bu\u0161nja.-To\u010dke-moje-sre\u0107e.png 794w\" sizes=\"auto, (max-width: 300px) 100vw, 300px\" \/><\/div>\n<div><\/div>\n<div>Dino Peru\u0161ko: MORE SVJETLOSTI<\/div>\n<div><a href=\"https:\/\/joom.ag\/Fufa\" target=\"_blank\" rel=\"noopener noreferrer\" data-auth=\"NotApplicable\">https:\/\/joom.ag\/Fufa<\/a><\/div>\n<div><img loading=\"lazy\" decoding=\"async\" class=\"alignnone size-medium wp-image-1204\" src=\"http:\/\/www.novigradsko-proljece.com\/web\/2019\/wp-content\/uploads\/sites\/11\/2019\/04\/Dino-Peru\u0161ko-More-svjetlosti-213x300.png\" alt=\"\" width=\"213\" height=\"300\" srcset=\"http:\/\/www.novigradsko-proljece.com\/web\/2019\/wp-content\/uploads\/sites\/11\/2019\/04\/Dino-Peru\u0161ko-More-svjetlosti-213x300.png 213w, http:\/\/www.novigradsko-proljece.com\/web\/2019\/wp-content\/uploads\/sites\/11\/2019\/04\/Dino-Peru\u0161ko-More-svjetlosti.png 639w\" sizes=\"auto, (max-width: 213px) 100vw, 213px\" \/><\/div>\n<div><\/div>\n<div>Lara Jazbec: PETROV OBLAK<\/div>\n<div><a href=\"https:\/\/joom.ag\/Vufa\" target=\"_blank\" rel=\"noopener noreferrer\" data-auth=\"NotApplicable\">https:\/\/joom.ag\/Vufa<\/a><\/div>\n<div><img loading=\"lazy\" decoding=\"async\" class=\"alignnone size-medium wp-image-1212\" src=\"http:\/\/www.novigradsko-proljece.com\/web\/2019\/wp-content\/uploads\/sites\/11\/2019\/04\/Petrov-Oblak-Lara-Jazbec-213x300.png\" alt=\"\" width=\"213\" height=\"300\" srcset=\"http:\/\/www.novigradsko-proljece.com\/web\/2019\/wp-content\/uploads\/sites\/11\/2019\/04\/Petrov-Oblak-Lara-Jazbec-213x300.png 213w, http:\/\/www.novigradsko-proljece.com\/web\/2019\/wp-content\/uploads\/sites\/11\/2019\/04\/Petrov-Oblak-Lara-Jazbec.png 639w\" sizes=\"auto, (max-width: 213px) 100vw, 213px\" \/><\/div>\n<div><\/div>\n<div>Scarlet Vukeli\u0107: AN\u0110EO<\/div>\n<div><a href=\"https:\/\/joom.ag\/rufa\" target=\"_blank\" rel=\"noopener noreferrer\" data-auth=\"NotApplicable\">https:\/\/joom.ag\/rufa<\/a><\/div>\n<div><img loading=\"lazy\" decoding=\"async\" class=\"alignnone size-medium wp-image-1203\" src=\"http:\/\/www.novigradsko-proljece.com\/web\/2019\/wp-content\/uploads\/sites\/11\/2019\/04\/An\u0111eo-Scarlet-Vukeli\u0107-212x300.png\" alt=\"\" width=\"212\" height=\"300\" srcset=\"http:\/\/www.novigradsko-proljece.com\/web\/2019\/wp-content\/uploads\/sites\/11\/2019\/04\/An\u0111eo-Scarlet-Vukeli\u0107-212x300.png 212w, http:\/\/www.novigradsko-proljece.com\/web\/2019\/wp-content\/uploads\/sites\/11\/2019\/04\/An\u0111eo-Scarlet-Vukeli\u0107.png 637w\" sizes=\"auto, (max-width: 212px) 100vw, 212px\" \/><\/div>\n<div><\/div>\n<div>Lucija Vukas: NA KRAJU TUNELA<\/div>\n<div><a href=\"https:\/\/joom.ag\/HSfa\" target=\"_blank\" rel=\"noopener noreferrer\" data-auth=\"NotApplicable\">https:\/\/joom.ag\/HSfa<\/a><\/div>\n<div><img loading=\"lazy\" decoding=\"async\" class=\"alignnone size-medium wp-image-1210\" src=\"http:\/\/www.novigradsko-proljece.com\/web\/2019\/wp-content\/uploads\/sites\/11\/2019\/04\/Na-kraju-tunela-Lucija-Vukas-300x212.png\" alt=\"\" width=\"300\" height=\"212\" srcset=\"http:\/\/www.novigradsko-proljece.com\/web\/2019\/wp-content\/uploads\/sites\/11\/2019\/04\/Na-kraju-tunela-Lucija-Vukas-300x212.png 300w, http:\/\/www.novigradsko-proljece.com\/web\/2019\/wp-content\/uploads\/sites\/11\/2019\/04\/Na-kraju-tunela-Lucija-Vukas-768x543.png 768w, http:\/\/www.novigradsko-proljece.com\/web\/2019\/wp-content\/uploads\/sites\/11\/2019\/04\/Na-kraju-tunela-Lucija-Vukas.png 796w\" sizes=\"auto, (max-width: 300px) 100vw, 300px\" \/><\/div>\n<div><\/div>\n<div>Marta Veverec: \u0160ARENI \u017dIVOT<\/div>\n<div><a href=\"https:\/\/joom.ag\/BSfa\" target=\"_blank\" rel=\"noopener noreferrer\" data-auth=\"NotApplicable\">https:\/\/joom.ag\/BSfa<\/a><\/div>\n<div><img loading=\"lazy\" decoding=\"async\" class=\"alignnone size-medium wp-image-1209\" src=\"http:\/\/www.novigradsko-proljece.com\/web\/2019\/wp-content\/uploads\/sites\/11\/2019\/04\/Marta-Veverec-\u0160areni-\u017eivot-300x295.png\" alt=\"\" width=\"300\" height=\"295\" srcset=\"http:\/\/www.novigradsko-proljece.com\/web\/2019\/wp-content\/uploads\/sites\/11\/2019\/04\/Marta-Veverec-\u0160areni-\u017eivot-300x295.png 300w, http:\/\/www.novigradsko-proljece.com\/web\/2019\/wp-content\/uploads\/sites\/11\/2019\/04\/Marta-Veverec-\u0160areni-\u017eivot-768x755.png 768w, http:\/\/www.novigradsko-proljece.com\/web\/2019\/wp-content\/uploads\/sites\/11\/2019\/04\/Marta-Veverec-\u0160areni-\u017eivot.png 795w\" sizes=\"auto, (max-width: 300px) 100vw, 300px\" \/><\/div>\n<div><\/div>\n<div>Nina Juri\u0107: IMATI NEKOGA TKO TE VOLI<\/div>\n<div><a href=\"https:\/\/joom.ag\/p7fa\" target=\"_blank\" rel=\"noopener noreferrer\" data-auth=\"NotApplicable\">https:\/\/joom.ag\/p7fa<\/a><\/div>\n<div><img loading=\"lazy\" decoding=\"async\" class=\"alignnone size-medium wp-image-1211\" src=\"http:\/\/www.novigradsko-proljece.com\/web\/2019\/wp-content\/uploads\/sites\/11\/2019\/04\/Nina-Juri\u0107-Imati-nekoga-tko-te-voli-212x300.png\" alt=\"\" width=\"212\" height=\"300\" srcset=\"http:\/\/www.novigradsko-proljece.com\/web\/2019\/wp-content\/uploads\/sites\/11\/2019\/04\/Nina-Juri\u0107-Imati-nekoga-tko-te-voli-212x300.png 212w, http:\/\/www.novigradsko-proljece.com\/web\/2019\/wp-content\/uploads\/sites\/11\/2019\/04\/Nina-Juri\u0107-Imati-nekoga-tko-te-voli.png 637w\" sizes=\"auto, (max-width: 212px) 100vw, 212px\" \/><\/div>\n<div><\/div>\n<div>\n<div>Sara Strsoglavec: BALERINA<\/div>\n<div><a href=\"https:\/\/joom.ag\/07fa\" target=\"_blank\" rel=\"noopener noreferrer\" data-auth=\"NotApplicable\">https:\/\/joom.ag\/07fa<\/a><\/div>\n<div><img loading=\"lazy\" decoding=\"async\" class=\"alignnone size-medium wp-image-1240\" src=\"http:\/\/www.novigradsko-proljece.com\/web\/2019\/wp-content\/uploads\/sites\/11\/2019\/04\/Balerina-Sara-Strsoglavec-212x300.png\" alt=\"\" width=\"212\" height=\"300\" srcset=\"http:\/\/www.novigradsko-proljece.com\/web\/2019\/wp-content\/uploads\/sites\/11\/2019\/04\/Balerina-Sara-Strsoglavec-212x300.png 212w, http:\/\/www.novigradsko-proljece.com\/web\/2019\/wp-content\/uploads\/sites\/11\/2019\/04\/Balerina-Sara-Strsoglavec.png 637w\" sizes=\"auto, (max-width: 212px) 100vw, 212px\" \/><\/div>\n<div><\/div>\n<div><\/div>\n<div>Ana Vi\u0161kovi\u0107: SRE\u0106A ZA SRE\u0106U<\/div>\n<div><a href=\"https:\/\/joom.ag\/JMfa\" target=\"_blank\" rel=\"noopener noreferrer\" data-auth=\"NotApplicable\">https:\/\/joom.ag\/JMfa<\/a><\/div>\n<div><img loading=\"lazy\" decoding=\"async\" class=\"alignnone size-medium wp-image-1239\" src=\"http:\/\/www.novigradsko-proljece.com\/web\/2019\/wp-content\/uploads\/sites\/11\/2019\/04\/Ana-Vi\u0161kovi\u0107-Sre\u0107a-za-sre\u0107u-213x300.png\" alt=\"\" width=\"213\" height=\"300\" srcset=\"http:\/\/www.novigradsko-proljece.com\/web\/2019\/wp-content\/uploads\/sites\/11\/2019\/04\/Ana-Vi\u0161kovi\u0107-Sre\u0107a-za-sre\u0107u-213x300.png 213w, http:\/\/www.novigradsko-proljece.com\/web\/2019\/wp-content\/uploads\/sites\/11\/2019\/04\/Ana-Vi\u0161kovi\u0107-Sre\u0107a-za-sre\u0107u.png 640w\" sizes=\"auto, (max-width: 213px) 100vw, 213px\" \/><\/div>\n<div><\/div>\n<div>Guy Spoorenberg, Lisa Barreau: MAMADOU<\/div>\n<div><a href=\"https:\/\/joom.ag\/uMfa\" target=\"_blank\" rel=\"noopener noreferrer\" data-auth=\"NotApplicable\">https:\/\/joom.ag\/uMfa<\/a><\/div>\n<div><img loading=\"lazy\" decoding=\"async\" class=\"alignnone size-medium wp-image-1238\" src=\"http:\/\/www.novigradsko-proljece.com\/web\/2019\/wp-content\/uploads\/sites\/11\/2019\/04\/Mamadou-Lisa-Berrau-Guy-Spoorenberg-300x212.png\" alt=\"\" width=\"300\" height=\"212\" srcset=\"http:\/\/www.novigradsko-proljece.com\/web\/2019\/wp-content\/uploads\/sites\/11\/2019\/04\/Mamadou-Lisa-Berrau-Guy-Spoorenberg-300x212.png 300w, http:\/\/www.novigradsko-proljece.com\/web\/2019\/wp-content\/uploads\/sites\/11\/2019\/04\/Mamadou-Lisa-Berrau-Guy-Spoorenberg-768x543.png 768w, http:\/\/www.novigradsko-proljece.com\/web\/2019\/wp-content\/uploads\/sites\/11\/2019\/04\/Mamadou-Lisa-Berrau-Guy-Spoorenberg.png 796w\" sizes=\"auto, (max-width: 300px) 100vw, 300px\" \/><\/div>\n<\/div>\n","protected":false},"excerpt":{"rendered":"<p>Stefani Crn\u010dec: BILO JE TO DAVNO https:\/\/joom.ag\/P8fa Larisa Dill: BUCKO https:\/\/joom.ag\/5Pfa Elena Er\u0161ek: \u0160UMA RADIONICE https:\/\/joom.ag\/TRfa Lorena Prugove\u010dki:\u00a0POSEBNOST RAZLI\u010cITOSTI https:\/\/joom.ag\/ZRfa Laura Vuka\u0161in: BRI\u017dNA MAJKA https:\/\/joom.ag\/uNfa Ana Bu\u0161nja: TO\u010cKE MOJE SRE\u0106E https:\/\/joom.ag\/CTfa Dino Peru\u0161ko: MORE&#46;&#46;&#46;<\/p>\n","protected":false},"author":982,"featured_media":0,"parent":0,"menu_order":0,"comment_status":"closed","ping_status":"closed","template":"","meta":{"jetpack_post_was_ever_published":false,"footnotes":""},"class_list":["post-107","page","type-page","status-publish","hentry"],"jetpack_sharing_enabled":true,"jetpack_shortlink":"https:\/\/wp.me\/PaSBYO-1J","_links":{"self":[{"href":"http:\/\/www.novigradsko-proljece.com\/web\/2019\/wp-json\/wp\/v2\/pages\/107","targetHints":{"allow":["GET"]}}],"collection":[{"href":"http:\/\/www.novigradsko-proljece.com\/web\/2019\/wp-json\/wp\/v2\/pages"}],"about":[{"href":"http:\/\/www.novigradsko-proljece.com\/web\/2019\/wp-json\/wp\/v2\/types\/page"}],"author":[{"embeddable":true,"href":"http:\/\/www.novigradsko-proljece.com\/web\/2019\/wp-json\/wp\/v2\/users\/982"}],"replies":[{"embeddable":true,"href":"http:\/\/www.novigradsko-proljece.com\/web\/2019\/wp-json\/wp\/v2\/comments?post=107"}],"version-history":[{"count":5,"href":"http:\/\/www.novigradsko-proljece.com\/web\/2019\/wp-json\/wp\/v2\/pages\/107\/revisions"}],"predecessor-version":[{"id":1241,"href":"http:\/\/www.novigradsko-proljece.com\/web\/2019\/wp-json\/wp\/v2\/pages\/107\/revisions\/1241"}],"wp:attachment":[{"href":"http:\/\/www.novigradsko-proljece.com\/web\/2019\/wp-json\/wp\/v2\/media?parent=107"}],"curies":[{"name":"wp","href":"https:\/\/api.w.org\/{rel}","templated":true}]}}